{"id":67,"date":"2019-08-17T22:20:27","date_gmt":"2019-08-18T02:20:27","guid":{"rendered":"http:\/\/fqdq.ca\/?page_id=67"},"modified":"2023-08-03T16:39:49","modified_gmt":"2023-08-03T20:39:49","slug":"informations-2015","status":"publish","type":"page","link":"https:\/\/fqdq.ca\/?page_id=67","title":{"rendered":"Informations 2015"},"content":{"rendered":"<h1><span style=\"color: #295582;\"><strong>CHAMPIONNATS PROVINCIAUX 2015 &#8211; Informations<\/strong><\/span><\/h1>\r\n<p><strong>Les championnats provinciaux auront lieu cette ann\u00e9e dans la r\u00e9gion de Richelieu-Yamaska. Ils se tiendront du 22 au 26 juillet. Les comp\u00e9titions de dix-quilles auront lieu au Salon 300 de Sorel-Tracy:\u00a0300 Rue du Coll\u00e8ge, Sorel-Tracy, QC, \u00a0J3P 2J3,\u00a0T\u00e9l\u00e9phone : (450) 746-1963. Les comp\u00e9titions de petites quilles, pour leur part, auront lieu au Salon de Quilles Saint-Hyacinthe, 5550 , Avenue Trudeau, St-Hyacinthe, QC, J2S 1H4, T\u00e9l\u00e9phone: (450) 774-3335<\/strong><\/p>\r\n\r\n<div class=\"wp-block-columns has-2-columns\">\r\n<div class=\"wp-block-column\">\r\n<h3><span style=\"color: #295582;\"><strong>PETITES QUILLES<\/strong><\/span><\/h3>\r\n\r\n\r\n\r\n<p class=\"has-text-color\" style=\"color: #295582;\"><span style=\"color: #295582;\"><a style=\"color: #295582;\" href=\"https:\/\/fqdq.ca\/wp-content\/uploads\/2019\/08\/2015-DP-Introduction.pdf\" class=\"mtli_attachment mtli_pdf\" target=\"_blank\" rel=\"noreferrer noopener\" aria-label=\" (opens in a new tab)\">Introduction<\/a><\/span><br \/><span style=\"color: #295582;\"><a style=\"color: #295582;\" href=\"https:\/\/fqdq.ca\/wp-content\/uploads\/2019\/08\/2015-DP-Jinscris-ma-region.pdf\" class=\"mtli_attachment mtli_pdf\" target=\"_blank\" rel=\"noreferrer noopener\" aria-label=\" (opens in a new tab)\">J&rsquo;inscris ma r\u00e9gion<\/a><\/span><br \/><span style=\"color: #295582;\"><a style=\"color: #295582;\" href=\"https:\/\/fqdq.ca\/wp-content\/uploads\/2019\/08\/2015-DP-Formulaire-Inscription.pdf\" class=\"mtli_attachment mtli_pdf\" target=\"_blank\" rel=\"noreferrer noopener\" aria-label=\" (opens in a new tab)\">Formulaire d&rsquo;inscription<\/a><\/span><br \/><span style=\"color: #295582;\"><a style=\"color: #295582;\" href=\"https:\/\/fqdq.ca\/wp-content\/uploads\/2019\/08\/2015-DP-Formulaire-inscription-substitut.pdf\" class=\"mtli_attachment mtli_pdf\" target=\"_blank\" rel=\"noreferrer noopener\" aria-label=\" (opens in a new tab)\">Formulaire d&rsquo;inscription des joueurs substituts<\/a><\/span><br \/><span style=\"color: #295582;\"><a style=\"color: #295582;\" href=\"https:\/\/fqdq.ca\/wp-content\/uploads\/2019\/08\/2015-DP-Demande-de-substitut.pdf\" class=\"mtli_attachment mtli_pdf\" target=\"_blank\" rel=\"noreferrer noopener\" aria-label=\" (opens in a new tab)\">Formulaire de demande de substituts<\/a><\/span><br \/><span style=\"color: #295582;\"><a style=\"color: #295582;\" href=\"https:\/\/fqdq.ca\/wp-content\/uploads\/2019\/08\/2015-DP-LISTE-EQUIPES-11-17-ANS.pdf\" class=\"mtli_attachment mtli_pdf\" target=\"_blank\" rel=\"noreferrer noopener\" aria-label=\" (opens in a new tab)\">Liste des \u00e9quipes 11-17 ans<\/a><\/span><br \/><span style=\"color: #295582;\"><a style=\"color: #295582;\" href=\"https:\/\/fqdq.ca\/wp-content\/uploads\/2019\/08\/2015-DP-EQUIPES-MIXTES-18-21-ANS.pdf\" class=\"mtli_attachment mtli_pdf\" target=\"_blank\" rel=\"noreferrer noopener\" aria-label=\" (opens in a new tab)\">Liste des \u00c9quipes 18-21 ans<\/a><\/span><br \/><span style=\"color: #295582;\"><a style=\"color: #295582;\" href=\"https:\/\/fqdq.ca\/wp-content\/uploads\/2019\/08\/2015-DP-Affiliation.pdf\" class=\"mtli_attachment mtli_pdf\" target=\"_blank\" rel=\"noreferrer noopener\" aria-label=\" (opens in a new tab)\">Appartenance &#8211; Affiliation<\/a><\/span><br \/><span style=\"color: #295582;\"><a style=\"color: #295582;\" href=\"https:\/\/fqdq.ca\/wp-content\/uploads\/2019\/08\/2015-DP-Admissibilite.pdf\" class=\"mtli_attachment mtli_pdf\" target=\"_blank\" rel=\"noreferrer noopener\" aria-label=\" (opens in a new tab)\">Admissibilit\u00e9<\/a><\/span><br \/><span style=\"color: #295582;\"><a style=\"color: #295582;\" href=\"https:\/\/fqdq.ca\/wp-content\/uploads\/2019\/08\/2015-DP-Reglements.pdf\" class=\"mtli_attachment mtli_pdf\" target=\"_blank\" rel=\"noreferrer noopener\" aria-label=\" (opens in a new tab)\">R\u00e8glements petites quilles<\/a><\/span><br \/><span style=\"color: #295582;\"><a style=\"color: #295582;\" href=\"https:\/\/fqdq.ca\/wp-content\/uploads\/2019\/08\/2015-DP-Programme-officiel-rev_11-juin-1.pdf\" class=\"mtli_attachment mtli_pdf\" target=\"_blank\" rel=\"noreferrer noopener\" aria-label=\" (opens in a new tab)\">Programme officiel <\/a><\/span><br \/><span style=\"color: #295582;\"><a style=\"color: #295582;\" href=\"https:\/\/fqdq.ca\/wp-content\/uploads\/2019\/08\/Chemin-Salle-Chez-Jacques.pdf\" class=\"mtli_attachment mtli_pdf\" target=\"_blank\" rel=\"noreferrer noopener\" aria-label=\" (opens in a new tab)\">Chemin Salle Chez Jacques<\/a><\/span><br \/><span style=\"color: #295582;\"><a style=\"color: #295582;\" href=\"https:\/\/fqdq.ca\/wp-content\/uploads\/2019\/08\/2015-DP-Cedule.pdf\" class=\"mtli_attachment mtli_pdf\" target=\"_blank\" rel=\"noreferrer noopener\" aria-label=\" (opens in a new tab)\">Horaire des comp\u00e9titions<\/a><\/span><\/p>\r\n\r\n\r\n\r\n<div class=\"wp-block-image\">\r\n<figure class=\"alignleft\"><a href=\"http:\/\/www.tourismesainthyacinthe.qc.ca\" rel=\"noopener noreferrer\"><img class=\"wp-image-1889\" src=\"http:\/\/federation-quilles-quebec.com\/wp-content\/uploads\/2013\/04\/Logo-BTC-Corpo_CMYK.jpg\" alt=\"Logo BTC Corpo_CMYK\" \/><\/a>\r\n<figcaption>Infos Tourisme Saint-Hyacinthe<\/figcaption>\r\n<\/figure>\r\n<\/div>\r\n<\/div>\r\n\r\n\r\n\r\n<div class=\"wp-block-column\">\r\n<h3><strong><span style=\"color: #295582;\">DIX-QUILLES<\/span><\/strong><\/h3>\r\n\r\n\r\n\r\n<p>La c\u00e9r\u00e9monie d&rsquo;ouverture des grosses quilles se fera \u00e0 l&rsquo;arri\u00e8re du salon 300 \u00e0 la salle Jani-Ber. Nous demandons aux \u00e9quipes d&rsquo;arriver \u00e0 18 h 30 pour que nous puissions d\u00e9buter \u00e0 18 h 45.<\/p>\r\n\r\n\r\n\r\n<p class=\"has-text-color\" style=\"color: #295582;\"><span style=\"color: #295582;\"><a style=\"color: #295582;\" href=\"https:\/\/fqdq.ca\/wp-content\/uploads\/2019\/08\/2015-Hebergement-TP.pdf\" class=\"mtli_attachment mtli_pdf\" target=\"_blank\" rel=\"noreferrer noopener\" aria-label=\" (opens in a new tab)\">H\u00e9bergement Dix-Quilles<\/a><\/span><br \/><span style=\"color: #295582;\"><a style=\"color: #295582;\" href=\"https:\/\/fqdq.ca\/wp-content\/uploads\/2019\/08\/2015-TP-Introduction.pdf\" class=\"mtli_attachment mtli_pdf\" target=\"_blank\" rel=\"noreferrer noopener\" aria-label=\" (opens in a new tab)\">Introduction<\/a><\/span><br \/><span style=\"color: #295582;\"><a style=\"color: #295582;\" href=\"https:\/\/fqdq.ca\/wp-content\/uploads\/2019\/08\/2015-TP-Jinscris-ma-region.pdf\" class=\"mtli_attachment mtli_pdf\" target=\"_blank\" rel=\"noreferrer noopener\" aria-label=\" (opens in a new tab)\">J&rsquo;inscris ma r\u00e9gion<\/a><\/span><br \/><span style=\"color: #295582;\"><a style=\"color: #295582;\" href=\"https:\/\/fqdq.ca\/wp-content\/uploads\/2019\/08\/2015-TP-Formulaire-Inscription.pdf\" class=\"mtli_attachment mtli_pdf\" target=\"_blank\" rel=\"noreferrer noopener\" aria-label=\" (opens in a new tab)\">Formulaire d&rsquo;inscription<\/a><\/span><br \/><span style=\"color: #295582;\"><a style=\"color: #295582;\" href=\"https:\/\/fqdq.ca\/wp-content\/uploads\/2019\/08\/2015-TP-Registration-Form.pdf\" class=\"mtli_attachment mtli_pdf\" target=\"_blank\" rel=\"noreferrer noopener\" aria-label=\" (opens in a new tab)\">Registration Form<\/a><\/span><br \/><span style=\"color: #295582;\"><a style=\"color: #295582;\" href=\"https:\/\/fqdq.ca\/wp-content\/uploads\/2019\/08\/2015-TP-LISTE-EQUIPES-11-17-ANS.pdf\" class=\"mtli_attachment mtli_pdf\" target=\"_blank\" rel=\"noreferrer noopener\" aria-label=\" (opens in a new tab)\">Feuille de route 11-17 ans<\/a><\/span><br \/><span style=\"color: #295582;\"><a style=\"color: #295582;\" href=\"https:\/\/fqdq.ca\/wp-content\/uploads\/2019\/08\/2015-TP-EQUIPES-MIXTES-18-21-ANS.pdf\" class=\"mtli_attachment mtli_pdf\" target=\"_blank\" rel=\"noreferrer noopener\" aria-label=\" (opens in a new tab)\">Feuille de route 18-21 ans<\/a><\/span><br \/><span style=\"color: #295582;\"><a style=\"color: #295582;\" href=\"https:\/\/fqdq.ca\/wp-content\/uploads\/2019\/08\/2015-TP-Reglements-Championnat-Ete-francais.pdf\" class=\"mtli_attachment mtli_pdf\" target=\"_blank\" rel=\"noreferrer noopener\" aria-label=\" (opens in a new tab)\">R\u00e8glements Dix-Quilles<\/a><\/span><br \/><span style=\"color: #295582;\"><a style=\"color: #295582;\" href=\"https:\/\/fqdq.ca\/wp-content\/uploads\/2019\/08\/2015-TP-Provincial-Championship-english_rules.pdf\" class=\"mtli_attachment mtli_pdf\" target=\"_blank\" rel=\"noreferrer noopener\" aria-label=\" (opens in a new tab)\">Rules Tenpin<\/a><\/span><br \/><span style=\"color: #295582;\"><a style=\"color: #295582;\" href=\"https:\/\/fqdq.ca\/wp-content\/uploads\/2019\/08\/2015-TP-Pratique.pdf\" class=\"mtli_attachment mtli_pdf\" target=\"_blank\" rel=\"noreferrer noopener\" aria-label=\" (opens in a new tab)\">R\u00e9s. des plages de pratique<\/a><\/span><br \/><span style=\"color: #295582;\"><a style=\"color: #295582;\" href=\"https:\/\/fqdq.ca\/wp-content\/uploads\/2019\/08\/2015_TP_Horaire_rev_juil_20.pdf\" class=\"mtli_attachment mtli_pdf\" target=\"_blank\" rel=\"noreferrer noopener\" aria-label=\" (opens in a new tab)\">Horaire des comp\u00e9titions r\u00e9v. 20 juil.<\/a><\/span><\/p>\r\n\r\n\r\n\r\n<h3><strong><span style=\"color: #295582;\">PATRONS DE HUILAGE<\/span><\/strong><\/h3>\r\n\r\n\r\n\r\n<p class=\"has-text-color\" style=\"color: #295582;\">Jour 1:<span style=\"color: #295582;\">\u00a0<a style=\"color: #295582;\" href=\"https:\/\/fqdq.ca\/wp-content\/uploads\/2019\/08\/Kegel-Challenge-Series-MIDDLE-ROAD-4239-50-uL.pdf\" class=\"mtli_attachment mtli_pdf\" target=\"_blank\" rel=\"noreferrer noopener\" aria-label=\" (opens in a new tab)\">Kegel Challenge MIDDLE ROAD<\/a><\/span><br \/><span style=\"color: #295582;\">Jour 2:\u00a0<a style=\"color: #295582;\" href=\"https:\/\/fqdq.ca\/wp-content\/uploads\/2019\/08\/Kegel-Challenge-Series-BEATEN-PATH-4541-50-uL-2.pdf\" class=\"mtli_attachment mtli_pdf\" target=\"_blank\" rel=\"noreferrer noopener\" aria-label=\" (opens in a new tab)\">Kegel Challenge BEATEN PATH<\/a><\/span><br \/><span style=\"color: #295582;\">Jour 3:\u00a0<a style=\"color: #295582;\" href=\"https:\/\/fqdq.ca\/wp-content\/uploads\/2019\/08\/Kegel-Challenge-Series-ABBEY-ROAD-3540-50-uL-1.pdf\" class=\"mtli_attachment mtli_pdf\" target=\"_blank\" rel=\"noreferrer noopener\" aria-label=\" (opens in a new tab)\">Kegel Challenge ABBEY ROAD<\/a><\/span><\/p>\r\n<\/div>\r\n<\/div>\r\n\r\n\r\n\r\n<p class=\"has-text-color has-background has-very-light-gray-color\" style=\"background-color: #295582;\"><span style=\"color: #ffffff;\"><a style=\"color: #ffffff;\" href=\"https:\/\/fqdq.ca\/?page_id=2796\" target=\"_blank\" rel=\"noreferrer noopener\" aria-label=\"R\u00e9ultats 2015 (opens in a new tab)\"><strong>R\u00c9SULTATS 2015<\/strong><\/a><\/span><\/p>\r\n\r\n\r\n\r\n<p class=\"has-text-color has-background has-very-light-gray-color\" style=\"background-color: #295582;\"><a href=\"https:\/\/fqdq.ca\/?page_id=3176\" target=\"_blank\" rel=\"noopener\"><span style=\"color: #ffffff;\"><strong>PHOTOS 2015<\/strong><\/span><\/a><\/p>\r\n","protected":false},"excerpt":{"rendered":"<p>CHAMPIONNATS PROVINCIAUX 2015 &#8211; Informations Les championnats provinciaux auront lieu cette ann\u00e9e dans la r\u00e9gion de Richelieu-Yamaska. Ils se tiendront du 22 au 26 juillet. Les comp\u00e9titions de dix-quilles auront lieu au Salon 300 de Sorel-Tracy:\u00a0300 Rue du Coll\u00e8ge, Sorel-Tracy, QC, \u00a0J3P 2J3,\u00a0T\u00e9l\u00e9phone : (450) 746-1963. Les comp\u00e9titions de petites quilles, pour leur part, auront [&hellip;]<\/p>\n","protected":false},"author":2,"featured_media":0,"parent":0,"menu_order":0,"comment_status":"closed","ping_status":"closed","template":"","meta":[],"_links":{"self":[{"href":"https:\/\/fqdq.ca\/index.php?rest_route=\/wp\/v2\/pages\/67"}],"collection":[{"href":"https:\/\/fqdq.ca\/index.php?rest_route=\/wp\/v2\/pages"}],"about":[{"href":"https:\/\/fqdq.ca\/index.php?rest_route=\/wp\/v2\/types\/page"}],"author":[{"embeddable":true,"href":"https:\/\/fqdq.ca\/index.php?rest_route=\/wp\/v2\/users\/2"}],"replies":[{"embeddable":true,"href":"https:\/\/fqdq.ca\/index.php?rest_route=%2Fwp%2Fv2%2Fcomments&post=67"}],"version-history":[{"count":19,"href":"https:\/\/fqdq.ca\/index.php?rest_route=\/wp\/v2\/pages\/67\/revisions"}],"predecessor-version":[{"id":4381,"href":"https:\/\/fqdq.ca\/index.php?rest_route=\/wp\/v2\/pages\/67\/revisions\/4381"}],"wp:attachment":[{"href":"https:\/\/fqdq.ca\/index.php?rest_route=%2Fwp%2Fv2%2Fmedia&parent=67"}],"curies":[{"name":"wp","href":"https:\/\/api.w.org\/{rel}","templated":true}]}}