{"id":48,"date":"2019-08-11T16:33:03","date_gmt":"2019-08-11T20:33:03","guid":{"rendered":"http:\/\/fqdq.ca\/?page_id=48"},"modified":"2022-02-23T15:25:52","modified_gmt":"2022-02-23T20:25:52","slug":"informations-2011","status":"publish","type":"page","link":"https:\/\/fqdq.ca\/?page_id=48","title":{"rendered":"Informations 2011"},"content":{"rendered":"<h1><span style=\"color: #295582;\"><strong>CHAMPIONNATS PROVINCIAUX 2011 &#8211; Informations<\/strong><\/span><\/h1>\r\n<p>Cette ann\u00e9e les Championnats Provinciaux auront lieu dans 2 r\u00e9gions diff\u00e9rentes soit: Laval (Salon B.G.) pour les petites quilles et Est du Qu\u00e9bec, dans la ville de Rivi\u00e8re-du-Loup (Salon 600) pour les Dix-Quilles. Les dates sont les m\u00e8mes pour les 2 : du 27 au 31 juillet 2011.<\/p>\r\n<p>&nbsp;<\/p>\r\n\r\n<div class=\"wp-block-columns has-2-columns\">\r\n<div class=\"wp-block-column\">\r\n<h3><span style=\"color: #295582;\"><strong>PETITES QUILLES<\/strong><\/span><\/h3>\r\n\r\n\r\n\r\n<p class=\"has-text-color\" style=\"color: #295582;\"><span style=\"color: #295582;\"><a style=\"color: #295582;\" href=\"\/wp-content\/uploads\/2019\/08\/Introduction-2011_DP.pdf\" class=\"mtli_attachment mtli_pdf\" target=\"_blank\" rel=\"noreferrer noopener\" aria-label=\" (opens in a new tab)\">Introduction<\/a><\/span><br \/><span style=\"color: #295582;\"><a style=\"color: #295582;\" href=\"\/wp-content\/uploads\/2019\/08\/Inscriptions-2011_DP.pdf\" class=\"mtli_attachment mtli_pdf\" target=\"_blank\" rel=\"noreferrer noopener\" aria-label=\" (opens in a new tab)\">Formulaire des athl\u00e8tes<\/a><\/span><br \/><span style=\"color: #295582;\"><a style=\"color: #295582;\" href=\"\/wp-content\/uploads\/2019\/08\/APPARTENANCE-DE-R\u00c9GION-2011_DP.pdf\" class=\"mtli_attachment mtli_pdf\" target=\"_blank\" rel=\"noreferrer noopener\" aria-label=\" (opens in a new tab)\">Formulaire d&rsquo;appartenance de r\u00e9gion<\/a><\/span><br \/><span style=\"color: #295582;\"><a style=\"color: #295582;\" href=\"\/wp-content\/uploads\/2019\/08\/Jinscris-ma-r\u00e9gion2011_DP.pdf\" class=\"mtli_attachment mtli_pdf\" target=\"_blank\" rel=\"noreferrer noopener\" aria-label=\" (opens in a new tab)\">J&rsquo;inscris ma r\u00e9gion<\/a><\/span><br \/><span style=\"color: #295582;\"><a style=\"color: #295582;\" href=\"\/wp-content\/uploads\/2019\/08\/LISTE-EQUIPES-11-ANS-ET-12-14-ANS-ET-15-17-ANS_DP.pdf\" class=\"mtli_attachment mtli_pdf\" target=\"_blank\" rel=\"noreferrer noopener\" aria-label=\" (opens in a new tab)\">Feuilles de route des 8 \u00e0 18 ans<\/a><\/span><br \/><a href=\"\/wp-content\/uploads\/2019\/08\/EQUIPES-MIXTES-18-21-ANS.pdf\" class=\"mtli_attachment mtli_pdf\" target=\"_blank\" rel=\"noreferrer noopener\" aria-label=\" (opens in a new tab)\"><span style=\"color: #295582;\">Feuilles de route des 18-21 ans<\/span><\/a><br \/><span style=\"color: #295582;\"><a style=\"color: #295582;\" href=\"\/wp-content\/uploads\/2019\/08\/H\u00c9BERGEMENT-LAVAL-2011c.pdf\" class=\"mtli_attachment mtli_pdf\" target=\"_blank\" rel=\"noreferrer noopener\" aria-label=\" (opens in a new tab)\">H\u00e9bergement Laval<\/a>\u00a0<\/span>nouveau tarifs (juillet)<br \/><span style=\"color: #295582;\"><a style=\"color: #295582;\" href=\"\/wp-content\/uploads\/2019\/08\/Programme-DP-2011.pdf\" class=\"mtli_attachment mtli_pdf\" target=\"_blank\" rel=\"noreferrer noopener\" aria-label=\" (opens in a new tab)\">Programme Laval 2011<\/a><\/span><br \/><span style=\"color: #295582;\"><a style=\"color: #295582;\" href=\"\/wp-content\/uploads\/2019\/08\/C\u00c9DULE-LAVAL-2011.pdf\" class=\"mtli_attachment mtli_pdf\" target=\"_blank\" rel=\"noreferrer noopener\" aria-label=\" (opens in a new tab)\">C\u00e9dule Laval 2011<\/a><\/span><\/p>\r\n<\/div>\r\n\r\n\r\n\r\n<div class=\"wp-block-column\">\r\n<h3><span style=\"color: #295582;\"><strong>DIX-QUILLES<\/strong><\/span><\/h3>\r\n\r\n\r\n\r\n<p class=\"has-text-color\" style=\"color: #295582;\"><span style=\"color: #295582;\"><a style=\"color: #295582;\" href=\"\/wp-content\/uploads\/2019\/08\/R\u00e8glements_Championnat_\u00e9t\u00e9_2011_TP.pdf\" class=\"mtli_attachment mtli_pdf\" target=\"_blank\" rel=\"noreferrer noopener\" aria-label=\" (opens in a new tab)\">R\u00e8glements Dix-Quilles 2011<\/a><\/span><br \/><span style=\"color: #295582;\"><a style=\"color: #295582;\" href=\"\/wp-content\/uploads\/2019\/08\/H\u00c9BERGEMENT-RIVI\u00c8RE-DU-LOUP-2011.pdf\" class=\"mtli_attachment mtli_pdf\" target=\"_blank\" rel=\"noreferrer noopener\" aria-label=\" (opens in a new tab)\">H\u00e9bergement Rivi\u00e8re-du-Loup<\/a><\/span><br \/><span style=\"color: #295582;\"><a style=\"color: #295582;\" href=\"\/wp-content\/uploads\/2019\/08\/Feuille-de-Route-TP.pdf\" class=\"mtli_attachment mtli_pdf\" target=\"_blank\" rel=\"noreferrer noopener\" aria-label=\" (opens in a new tab)\">Feuilles de route<\/a><\/span><br \/><span style=\"color: #295582;\"><a style=\"color: #295582;\" href=\"\/wp-content\/uploads\/2019\/08\/Formulaire-dinscription-TP.pdf\" class=\"mtli_attachment mtli_pdf\" target=\"_blank\" rel=\"noreferrer noopener\" aria-label=\" (opens in a new tab)\">Formulaires d&rsquo;inscription<\/a><\/span><br \/><span style=\"color: #295582;\"><a style=\"color: #295582;\" href=\"\/wp-content\/uploads\/2019\/08\/C\u00c9DULE-NO-6b-RIV-DU-LOUP-2011.pdf\" class=\"mtli_attachment mtli_pdf\" target=\"_blank\" rel=\"noreferrer noopener\" aria-label=\" (opens in a new tab)\">C\u00e9dule Rivi\u00e8re-du-Loup<\/a>\u00a0<\/span>(27 juillet)<\/p>\r\n\r\n\r\n\r\n<h3><strong><span style=\"color: #295582;\">PATRONS DE HUILAGE<\/span><\/strong><\/h3>\r\n\r\n\r\n\r\n<p class=\"has-text-color\" style=\"color: #295582;\"><span style=\"color: #295582;\"><a style=\"color: #295582;\" href=\"\/wp-content\/uploads\/2019\/08\/Prov-42-Jeudi.pdf\" class=\"mtli_attachment mtli_pdf\" target=\"_blank\" rel=\"noreferrer noopener\" aria-label=\" (opens in a new tab)\">Jour 1 (42 pieds)<\/a><\/span><br \/><span style=\"color: #295582;\"><a style=\"color: #295582;\" href=\"\/wp-content\/uploads\/2019\/08\/Prov-39-Vendredi.pdf\" class=\"mtli_attachment mtli_pdf\" target=\"_blank\" rel=\"noreferrer noopener\" aria-label=\" (opens in a new tab)\">Jour 2 (39 pieds)<\/a><\/span><br \/><span style=\"color: #295582;\"><a style=\"color: #295582;\" href=\"\/wp-content\/uploads\/2019\/08\/Prov-42-DB-Samedi.pdf\" class=\"mtli_attachment mtli_pdf\" target=\"_blank\" rel=\"noreferrer noopener\" aria-label=\" (opens in a new tab)\">Jour 3 (42 pieds Drop Brush \u00e0 36)<\/a><\/span><\/p>\r\n<\/div>\r\n<\/div>\r\n\r\n\r\n\r\n<p class=\"has-text-color has-background has-very-light-gray-color\" style=\"background-color: #295582;\"><span style=\"color: #ffffff;\"><a style=\"color: #ffffff;\" href=\"https:\/\/fqdq.ca\/?page_id=2170\" target=\"_blank\" rel=\"noreferrer noopener\" aria-label=\"R\u00e9sultats (opens in a new tab)\"><strong>R\u00c9SULTATS 2011<\/strong><\/a><\/span><\/p>\r\n","protected":false},"excerpt":{"rendered":"<p>CHAMPIONNATS PROVINCIAUX 2011 &#8211; Informations Cette ann\u00e9e les Championnats Provinciaux auront lieu dans 2 r\u00e9gions diff\u00e9rentes soit: Laval (Salon B.G.) pour les petites quilles et Est du Qu\u00e9bec, dans la ville de Rivi\u00e8re-du-Loup (Salon 600) pour les Dix-Quilles. Les dates sont les m\u00e8mes pour les 2 : du 27 au 31 juillet 2011. &nbsp; PETITES [&hellip;]<\/p>\n","protected":false},"author":2,"featured_media":0,"parent":0,"menu_order":0,"comment_status":"closed","ping_status":"closed","template":"","meta":[],"_links":{"self":[{"href":"https:\/\/fqdq.ca\/index.php?rest_route=\/wp\/v2\/pages\/48"}],"collection":[{"href":"https:\/\/fqdq.ca\/index.php?rest_route=\/wp\/v2\/pages"}],"about":[{"href":"https:\/\/fqdq.ca\/index.php?rest_route=\/wp\/v2\/types\/page"}],"author":[{"embeddable":true,"href":"https:\/\/fqdq.ca\/index.php?rest_route=\/wp\/v2\/users\/2"}],"replies":[{"embeddable":true,"href":"https:\/\/fqdq.ca\/index.php?rest_route=%2Fwp%2Fv2%2Fcomments&post=48"}],"version-history":[{"count":23,"href":"https:\/\/fqdq.ca\/index.php?rest_route=\/wp\/v2\/pages\/48\/revisions"}],"predecessor-version":[{"id":3692,"href":"https:\/\/fqdq.ca\/index.php?rest_route=\/wp\/v2\/pages\/48\/revisions\/3692"}],"wp:attachment":[{"href":"https:\/\/fqdq.ca\/index.php?rest_route=%2Fwp%2Fv2%2Fmedia&parent=48"}],"curies":[{"name":"wp","href":"https:\/\/api.w.org\/{rel}","templated":true}]}}