{"id":14,"date":"2019-06-30T18:44:44","date_gmt":"2019-06-30T22:44:44","guid":{"rendered":"http:\/\/fqdq.ca\/?page_id=14"},"modified":"2023-10-08T18:34:58","modified_gmt":"2023-10-08T22:34:58","slug":"a-propos","status":"publish","type":"page","link":"https:\/\/fqdq.ca\/?page_id=14","title":{"rendered":"\u00c0 Propos"},"content":{"rendered":"\r\n<h2><span style=\"color: #295582;\"><strong>F\u00e9d\u00e9ration Qu\u00e9b\u00e9coise des Dix-Quilles<\/strong><\/span><\/h2>\r\n\r\n\r\n\r\n<p>La F.Q.D.Q. est la f\u00e9d\u00e9ration de grosses quilles qui g\u00e8re les activit\u00e9s contr\u00f4l\u00e9es par la F\u00e9d\u00e9ration Canadienne des Dix-Quilles.\u00a0<\/p>\r\n\r\n\r\n\r\n<h2><span style=\"color: #295582;\"><strong>Direction 2023-2024<\/strong><\/span><\/h2>\r\n\r\n\r\n\r\n<figure class=\"wp-block-table is-style-stripes\">\r\n<table>\r\n<tbody>\r\n<tr>\r\n<td><strong>Membre<\/strong><\/td>\r\n<td><strong>Poste<\/strong><\/td>\r\n<td><strong>Courriel<\/strong><\/td>\r\n<td><strong>R\u00e9gion<\/strong><\/td>\r\n<\/tr>\r\n<\/tbody>\r\n<\/table>\r\n<\/figure>\r\n\r\n\r\n\r\n<figure class=\"wp-block-table is-style-stripes\">\r\n<table>\r\n<tbody>\r\n<tr>\r\n<td>Andr\u00e9 Fillion<\/td>\r\n<td>Pr\u00e9sident<\/td>\r\n<td>andrefillion@hotmail.com<\/td>\r\n<td>Abitibi-T\u00e9miscamingue<\/td>\r\n<\/tr>\r\n<tr>\r\n<td>Isabelle Audit<\/td>\r\n<td>Vice-Pr\u00e9sidente<\/td>\r\n<td>vanille1610@hotmail.com<\/td>\r\n<td>Laurentides<\/td>\r\n<\/tr>\r\n<tr>\r\n<td>Manon Leclerc<\/td>\r\n<td>Tr\u00e9sori\u00e8re<\/td>\r\n<td>manonleclerc300@hotmail.com<\/td>\r\n<td>Capitale-Nationale<\/td>\r\n<\/tr>\r\n<tr>\r\n<td>M\u00e9lanie Goudreau<\/td>\r\n<td>Directrice<\/td>\r\n<td>melaniegoudreau@hotmail.com<\/td>\r\n<td>Lac St-Louis<\/td>\r\n<\/tr>\r\n<tr>\r\n<td>Fran\u00e7ois Lessard<\/td>\r\n<td>Directeur<\/td>\r\n<td>francois.lessard78@gmail.com<\/td>\r\n<td>Estrie<\/td>\r\n<\/tr>\r\n<tr>\r\n<td>Isra\u00eal Marier<\/td>\r\n<td>Directeur<\/td>\r\n<td>israelmarier@hotmail.com<\/td>\r\n<td>Capitale-Nationale<\/td>\r\n<\/tr>\r\n<tr>\r\n<td>Jean-Fran\u00e7ois Blanchette<\/td>\r\n<td>Directeur<\/td>\r\n<td>yanb@yelus.net<\/td>\r\n<td>Bas St-Laurent<\/td>\r\n<\/tr>\r\n<tr>\r\n<td>S\u00e9bastien Mercier<\/td>\r\n<td>Directeur<\/td>\r\n<td>info@centremega.com<\/td>\r\n<td>Abitibi-T\u00e9miscamingue<\/td>\r\n<\/tr>\r\n<tr>\r\n<td>\u00a0<\/td>\r\n<td>\u00a0<\/td>\r\n<td>\u00a0<\/td>\r\n<td>\u00a0<\/td>\r\n<\/tr>\r\n<\/tbody>\r\n<\/table>\r\n<\/figure>\r\n","protected":false},"excerpt":{"rendered":"<p>F\u00e9d\u00e9ration Qu\u00e9b\u00e9coise des Dix-Quilles La F.Q.D.Q. est la f\u00e9d\u00e9ration de grosses quilles qui g\u00e8re les activit\u00e9s contr\u00f4l\u00e9es par la F\u00e9d\u00e9ration Canadienne des Dix-Quilles.\u00a0 Direction 2023-2024 Membre Poste Courriel R\u00e9gion Andr\u00e9 Fillion Pr\u00e9sident andrefillion@hotmail.com Abitibi-T\u00e9miscamingue Isabelle Audit Vice-Pr\u00e9sidente vanille1610@hotmail.com Laurentides Manon Leclerc Tr\u00e9sori\u00e8re manonleclerc300@hotmail.com Capitale-Nationale M\u00e9lanie Goudreau Directrice melaniegoudreau@hotmail.com Lac St-Louis Fran\u00e7ois Lessard Directeur francois.lessard78@gmail.com Estrie [&hellip;]<\/p>\n","protected":false},"author":2,"featured_media":0,"parent":0,"menu_order":0,"comment_status":"closed","ping_status":"closed","template":"","meta":[],"_links":{"self":[{"href":"https:\/\/fqdq.ca\/index.php?rest_route=\/wp\/v2\/pages\/14"}],"collection":[{"href":"https:\/\/fqdq.ca\/index.php?rest_route=\/wp\/v2\/pages"}],"about":[{"href":"https:\/\/fqdq.ca\/index.php?rest_route=\/wp\/v2\/types\/page"}],"author":[{"embeddable":true,"href":"https:\/\/fqdq.ca\/index.php?rest_route=\/wp\/v2\/users\/2"}],"replies":[{"embeddable":true,"href":"https:\/\/fqdq.ca\/index.php?rest_route=%2Fwp%2Fv2%2Fcomments&post=14"}],"version-history":[{"count":19,"href":"https:\/\/fqdq.ca\/index.php?rest_route=\/wp\/v2\/pages\/14\/revisions"}],"predecessor-version":[{"id":4448,"href":"https:\/\/fqdq.ca\/index.php?rest_route=\/wp\/v2\/pages\/14\/revisions\/4448"}],"wp:attachment":[{"href":"https:\/\/fqdq.ca\/index.php?rest_route=%2Fwp%2Fv2%2Fmedia&parent=14"}],"curies":[{"name":"wp","href":"https:\/\/api.w.org\/{rel}","templated":true}]}}